{"id":9218,"date":"2022-09-18T15:24:16","date_gmt":"2022-09-18T19:24:16","guid":{"rendered":"https:\/\/www.stpierrepinguet.org\/wp\/?post_type=ctc_sermon&#038;p=9218"},"modified":"2025-08-04T20:39:23","modified_gmt":"2025-08-05T00:39:23","slug":"eloge-de-la-creativite","status":"publish","type":"ctc_sermon","link":"https:\/\/www.stpierrepinguet.org\/wp\/sermons\/eloge-de-la-creativite\/","title":{"rendered":"\u00c9loge de la cr\u00e9ativit\u00e9"},"content":{"rendered":"<p>L\u2019\u00c9vangile n\u2019est pas un livre de recettes\u2026 du style\u2026 sans trop penser, on a juste \u00e0 suivre des instructions \u00e9tape par \u00e9tape et on r\u00e9ussit \u00e0 coup s\u00fbr. L\u2019\u00c9vangile est plus un casse-t\u00eate\u2026 Parfois on se casse la t\u00eate en essayant de d\u00e9couvrir la Bonne Nouvelle pour nous.\u00a0 Et je pense que J\u00e9sus l\u2019a voulu ainsi. Je pense que J\u00e9sus veut nous faire r\u00e9fl\u00e9chir. Il veut nous faire prendre conscience de qui nous sommes et ce que nous vivons. Il veut nous faire prendre position, nous situer comme disciples dans le monde dans lequel nous vivons.<\/p>\n<p>Alors, que pensez-vous en entendant la parabole de ce matin. \u00c0 qui ou \u00e0 quoi pensez-vous ? C\u2019est une Bonne Nouvelle pour qui cette histoire ?<\/p>\n<p>Pour moi, cette parabole me fait penser \u00e0 plusieurs d\u00e9tenus que j\u2019ai connus quand j\u2019\u00e9tais aum\u00f4nier au p\u00e9nitencier de Donnacona. Certains avaient beaucoup de talent. Il y avait des artistes qui dessinaient avec pr\u00e9cision le portrait des gardiens et de l\u2019administrateurs de l\u2019\u00e9tablissement pour en faire des caricatures dignes des grands journaux ! \u00c9videmment, il ne fallait pas en rire ouvertement pour les encourager\u2026 mais quand m\u00eame ! Il y avait du talent l\u00e0-dedans! Il y avait des chimistes, capables de frelater de l\u2019alcool \u00e0 partir de n\u2019importe quoi. Il y avait des artisans qui avaient le don de faire des armes d\u2019un petit rien\u2026. et de grands strat\u00e8ges qui concevaient avec comp\u00e9tence et habilet\u00e9 des plans \u00e0 longue \u00e9ch\u00e9ance afin d\u2019exercer un certain contr\u00f4le sur le milieu. Combien de fois, nous les aum\u00f4niers, on se disait\u00a0: \u00ab Si ces gars mettaient toute leur cr\u00e9ativit\u00e9 et leur savoir-faire au service du bien commun, ils pourraient changer le monde\u00a0! \u00bb Ces d\u00e9tenus faisaient preuve de plus de cr\u00e9ativit\u00e9 pour tirer leur \u00e9pingle du jeu que bien des gens qui vivent en toute libert\u00e9 et qui se croient impuissants pour changer quoi que ce soit dans le monde autour d\u2019eux. Nous qui, comparativement \u00e0 tant de monde sur la plan\u00e8te, disposons de tant de biens et qui sommes libres d\u2019en disposer comme nous le voulons, quel usage en faisons-nous?<\/p>\n<p>J\u2019ai du mal \u00e0 imaginer J\u00e9sus faire l\u2019\u00e9loge d\u2019un g\u00e9rant trompeur\u2026 mais\u2026 \u00e0 bien y penser\u2026 je me demande de qui il s\u2019agit au juste ? En tant que g\u00e9rante, administratrice des biens qui m\u2019ont \u00e9t\u00e9 confi\u00e9s, est-ce que j\u2019agis toujours de fa\u00e7on d\u00e9sint\u00e9ress\u00e9e, juste et \u00e9quitable, pour le bien de tous ?<\/p>\n<p>C\u2019est quand m\u00eame \u00e7a, l\u2019appel de Dieu \u00e0 l\u2019ensemble de la communaut\u00e9 chr\u00e9tienne\u00a0: \u00ab\u00a0<em>Mettez-vous, chacun selon le don qu\u2019il a re\u00e7u, au service les uns des autres, comme de bons administrateurs de la gr\u00e2ce de Dieu, vari\u00e9e en ses effets.<\/em>\u00a0\u00bb (1 Pierre 4, 10) Nous sommes toutes et tous appel\u00e9s \u00e0 \u00eatre de bons administrateurs\u2026 le mot grec utilis\u00e9 ici dans la lettre de Pierre est le m\u00eame qu\u2019on trouve dans l\u2019\u00c9vangile de ce matin. Alors la question se pose\u00a0: qui agit toujours en bon administrateur ? <em>Que celui ou celle qui est sans p\u00e9ch\u00e9 jette la premi\u00e8re pierre<\/em> (<span style=\"text-decoration: underline;\"><a href=\"https:\/\/lire.la-bible.net\/lecture\/jean\/8\/7\/?_open=true\" target=\"_blank\" rel=\"noopener\">Jean 8, 7<\/a><\/span>). Toutes et tous ont p\u00e9ch\u00e9. Personne n\u2019atteint toujours la cible dans la saine\u2026 et sainte\u2026 gestion des biens que Dieu nous confie.<\/p>\n<p>M\u00eame pas les Pharisiens, ces religieux qu\u2019on croirait\u2026 et qui se croient\u2026 justes, parfaitement align\u00e9s sur la volont\u00e9 de Dieu. Luc nous dit que \u00ab\u00a0les Pharisiens, qui aimaient l\u2019argent, \u00e9coutaient tout cela, et ils ricanaient \u00e0 son sujet.\u00a0\u00bb (Luc 16, 14). Ceux qui devaient avant tout aimer Dieu avaient, eux aussi, le c\u0153ur partag\u00e9.<\/p>\n<p>Dieu soit lou\u00e9, \u00ab\u00a0<em>l\u2019amour couvre une multitude de p\u00e9ch\u00e9s<\/em>\u00a0\u00bb (1 Pierre 4, 8) L\u2019amour de Dieu a \u00e9t\u00e9 r\u00e9pandu en nos c\u0153urs, par l\u2019Esprit Saint (<span style=\"text-decoration: underline;\"><a href=\"https:\/\/lire.la-bible.net\/lecture\/romains\/5\/5\/?_open=true\" target=\"_blank\" rel=\"noopener\">Romains 5, 5<\/a><\/span>). Le premier et le plus grand des dons que Dieu nous confie, c\u2019est l\u2019amour. Et cet amour fait en sorte que m\u00eame les plus grands p\u00e9cheurs sont capables de poser des gestes empreints d\u2019amour. Comme aum\u00f4nier, j\u2019ai connu des hommes qui avaient commis des gestes r\u00e9pr\u00e9hensibles et qui aimaient tendrement et profond\u00e9ment leurs conjointes et leurs enfants. Aucune vie n\u2019est r\u00e9ductible ni \u00e0 son pire, ni \u00e0 son meilleur coup. Si je n&rsquo;y croyais pas, je n\u2019aurais jamais pu travailler dans ce milieu-l\u00e0.<\/p>\n<p>Regardons \u00e0 nouveaux, le g\u00e9rant trompeur dans l\u2019\u00c9vangile de ce matin. Non, sa motivation n\u2019\u00e9tait pas d\u00e9sint\u00e9ress\u00e9e mais son comportement a quand m\u00eame eu comme effet de r\u00e9duire le fardeau de la dette de ses prochains. \u00ab\u00a0<em>Combien dois-tu \u00e0 mon ma\u00eetre<\/em> ?\u00a0\u00bb La racine du mot grec traduit par le verbe \u00ab\u00a0devoir\u00a0\u00bb ici est utilis\u00e9 dans le Notre P\u00e8re selon Matthieu. La Nouvelle Bible Segond le rend explicit : remets-nous nos dettes, comme nous aussi nous l&rsquo;avons fait pour nos d\u00e9biteurs\u00a0\u00bb (Matthieu 6, 12). \u00c0 bien y penser\u2026 ne pourrait-on dire que r\u00e9duire la dette de quelqu\u2019un, c\u2019est agir selon le c\u0153ur de Dieu.\u00a0M\u00eame un g\u00e9rant trompeur qui a des motivations un peu\u2026 pas mal\u2026 douteuses\u2026 peut agir selon la volont\u00e9 de Dieu.<\/p>\n<p>Voil\u00e0 une Bonne Nouvelle ! \u00c0 bien y penser, en tant g\u00e9rants, administratrices des biens que Dieu nous confie, personne n\u2019agit toujours agir de fa\u00e7on d\u00e9sint\u00e9ress\u00e9e, juste et \u00e9quitable, pour le bien de tous. Comme le g\u00e9rant dans l\u2019\u00c9vangile de ce matin ou le fils prodigue dans la parabole qui pr\u00e9c\u00e8de imm\u00e9diatement celle que nous venons d\u2019entendre, il arrive \u00e0 tout le monde dilapider les biens de notre ma\u00eetre, de notre P\u00e8re qui est aux cieux. Mais notre maitre est nul autre que le Cr\u00e9ateur du ciel et de la terre. Et nous sommes faits \u00e0 son image\u00a0: nous avons toutes et tous en nous toute la cr\u00e9ativit\u00e9 et l\u2019ing\u00e9niosit\u00e9 qu\u2019il nous faut pour refaire le monde dans lequel nous vivons. Par la gr\u00e2ce de Dieu, prenons-en conscience\u2026 et agissons en cons\u00e9quence. Par la gr\u00e2ce de Dieu, rien ne sera plus pareil. Dieu soit lou\u00e9 pour sa cr\u00e9ativit\u00e9 ! Amen.<\/p>\n<p>&nbsp;<\/p>\n<h2 style=\"text-align: center;\">LECTURES BIBLIQUES<\/h2>\n<p style=\"text-align: center;\"><a href=\"https:\/\/lire.la-bible.net\/lecture\/1+pierre\/4\/7-10\" target=\"_blank\" rel=\"noopener\"><span style=\"text-decoration: underline;\">1 Pierre 4, 7-10<\/span><\/a><\/p>\n<p style=\"text-align: center;\"><a href=\"https:\/\/lire.la-bible.net\/lecture\/luc\/16\/1-14\/?_open=true\" target=\"_blank\" rel=\"noopener\"><span style=\"text-decoration: underline;\">Luc 16, 1-14<\/span><\/a><\/p>\n<p><iframe loading=\"lazy\" title=\"E\u0301loge de la cre\u0301ativite\u0301 - pre\u0301dication du 18 septembre 2022\" width=\"500\" height=\"281\" src=\"https:\/\/www.youtube.com\/embed\/ayt3QtTiIGk?feature=oembed&#038;wmode=transparent&#038;rel=0&#038;showinfo=0&#038;color=white&#038;modestbranding=1\" style=\"border: none;\" allow=\"accelerometer; autoplay; clipboard-write; encrypted-media; gyroscope; picture-in-picture; web-share\" referrerpolicy=\"strict-origin-when-cross-origin\" allowfullscreen><\/iframe><\/p>\n","protected":false},"excerpt":{"rendered":"<p>L\u2019\u00c9vangile n\u2019est pas un livre de recettes\u2026 du style\u2026 sans trop penser, on a juste \u00e0 suivre des instructions \u00e9tape par \u00e9tape et on r\u00e9ussit \u00e0 coup s\u00fbr. L\u2019\u00c9vangile est plus un casse-t\u00eate\u2026 Parfois on se casse la t\u00eate en essayant de d\u00e9couvrir la Bonne Nouvelle pour nous.\u00a0 Et je pense que J\u00e9sus l\u2019a voulu&hellip;<\/p>\n","protected":false},"author":1,"featured_media":9219,"comment_status":"open","ping_status":"closed","template":"","ctc_sermon_topic":[557,905,906,903],"ctc_sermon_book":[902,213],"ctc_sermon_series":[],"ctc_sermon_speaker":[206],"ctc_sermon_tag":[],"class_list":["post-9218","ctc_sermon","type-ctc_sermon","status-publish","has-post-thumbnail","hentry","ctc_sermon_topic-changerlemonde","ctc_sermon_topic-creativite","ctc_sermon_topic-imagededieu-2","ctc_sermon_topic-luc16","ctc_sermon_book-1pierre","ctc_sermon_book-luc","ctc_sermon_speaker-darla-sloan","ctfw-has-image"],"yoast_head":"<!-- This site is optimized with the Yoast SEO plugin v27.4 - https:\/\/yoast.com\/product\/yoast-seo-wordpress\/ -->\n<title>\u00c9loge de la cr\u00e9ativit\u00e9<\/title>\n<meta name=\"description\" content=\"Nous sommes faits \u00e0 l\u2019image de Dieu. Par la gr\u00e2ce de Dieu, nous avons toutes et tous en nous toute la cr\u00e9ativit\u00e9 et l\u2019ing\u00e9niosit\u00e9 qu\u2019il nous faut pour refaire le monde dans lequel nous vivons.\" \/>\n<meta name=\"robots\" content=\"index, follow, max-snippet:-1, max-image-preview:large, max-video-preview:-1\" \/>\n<link rel=\"canonical\" href=\"https:\/\/www.stpierrepinguet.org\/wp\/sermons\/eloge-de-la-creativite\/\" \/>\n<meta property=\"og:locale\" content=\"fr_FR\" \/>\n<meta property=\"og:type\" content=\"article\" \/>\n<meta property=\"og:title\" content=\"\u00c9loge de la cr\u00e9ativit\u00e9\" \/>\n<meta property=\"og:description\" content=\"Nous sommes faits \u00e0 l\u2019image de Dieu. Par la gr\u00e2ce de Dieu, nous avons toutes et tous en nous toute la cr\u00e9ativit\u00e9 et l\u2019ing\u00e9niosit\u00e9 qu\u2019il nous faut pour refaire le monde dans lequel nous vivons.\" \/>\n<meta property=\"og:url\" content=\"https:\/\/www.stpierrepinguet.org\/wp\/sermons\/eloge-de-la-creativite\/\" \/>\n<meta property=\"og:site_name\" content=\"&Eacute;glise Unie St-Pierre et Pinguet\" \/>\n<meta property=\"article:publisher\" content=\"https:\/\/www.facebook.com\/stpierreetpinguet\/\" \/>\n<meta property=\"article:modified_time\" content=\"2025-08-05T00:39:23+00:00\" \/>\n<meta property=\"og:image\" content=\"https:\/\/www.stpierrepinguet.org\/wp\/wp-content\/uploads\/2022\/09\/artist-g0566fee7b_1920.jpg\" \/>\n\t<meta property=\"og:image:width\" content=\"1920\" \/>\n\t<meta property=\"og:image:height\" content=\"1282\" \/>\n\t<meta property=\"og:image:type\" content=\"image\/jpeg\" \/>\n<meta name=\"twitter:card\" content=\"summary_large_image\" \/>\n<meta name=\"twitter:label1\" content=\"Dur\u00e9e de lecture estim\u00e9e\" \/>\n\t<meta name=\"twitter:data1\" content=\"6 minutes\" \/>\n<script type=\"application\/ld+json\" class=\"yoast-schema-graph\">{\"@context\":\"https:\\\/\\\/schema.org\",\"@graph\":[{\"@type\":\"WebPage\",\"@id\":\"https:\\\/\\\/www.stpierrepinguet.org\\\/wp\\\/sermons\\\/eloge-de-la-creativite\\\/\",\"url\":\"https:\\\/\\\/www.stpierrepinguet.org\\\/wp\\\/sermons\\\/eloge-de-la-creativite\\\/\",\"name\":\"\u00c9loge de la cr\u00e9ativit\u00e9\",\"isPartOf\":{\"@id\":\"https:\\\/\\\/www.stpierrepinguet.org\\\/wp\\\/#website\"},\"primaryImageOfPage\":{\"@id\":\"https:\\\/\\\/www.stpierrepinguet.org\\\/wp\\\/sermons\\\/eloge-de-la-creativite\\\/#primaryimage\"},\"image\":{\"@id\":\"https:\\\/\\\/www.stpierrepinguet.org\\\/wp\\\/sermons\\\/eloge-de-la-creativite\\\/#primaryimage\"},\"thumbnailUrl\":\"https:\\\/\\\/www.stpierrepinguet.org\\\/wp\\\/wp-content\\\/uploads\\\/2022\\\/09\\\/artist-g0566fee7b_1920.jpg\",\"datePublished\":\"2022-09-18T19:24:16+00:00\",\"dateModified\":\"2025-08-05T00:39:23+00:00\",\"description\":\"Nous sommes faits \u00e0 l\u2019image de Dieu. Par la gr\u00e2ce de Dieu, nous avons toutes et tous en nous toute la cr\u00e9ativit\u00e9 et l\u2019ing\u00e9niosit\u00e9 qu\u2019il nous faut pour refaire le monde dans lequel nous vivons.\",\"breadcrumb\":{\"@id\":\"https:\\\/\\\/www.stpierrepinguet.org\\\/wp\\\/sermons\\\/eloge-de-la-creativite\\\/#breadcrumb\"},\"inLanguage\":\"fr-FR\",\"potentialAction\":[{\"@type\":\"ReadAction\",\"target\":[\"https:\\\/\\\/www.stpierrepinguet.org\\\/wp\\\/sermons\\\/eloge-de-la-creativite\\\/\"]}]},{\"@type\":\"ImageObject\",\"inLanguage\":\"fr-FR\",\"@id\":\"https:\\\/\\\/www.stpierrepinguet.org\\\/wp\\\/sermons\\\/eloge-de-la-creativite\\\/#primaryimage\",\"url\":\"https:\\\/\\\/www.stpierrepinguet.org\\\/wp\\\/wp-content\\\/uploads\\\/2022\\\/09\\\/artist-g0566fee7b_1920.jpg\",\"contentUrl\":\"https:\\\/\\\/www.stpierrepinguet.org\\\/wp\\\/wp-content\\\/uploads\\\/2022\\\/09\\\/artist-g0566fee7b_1920.jpg\",\"width\":1920,\"height\":1282},{\"@type\":\"BreadcrumbList\",\"@id\":\"https:\\\/\\\/www.stpierrepinguet.org\\\/wp\\\/sermons\\\/eloge-de-la-creativite\\\/#breadcrumb\",\"itemListElement\":[{\"@type\":\"ListItem\",\"position\":1,\"name\":\"Accueil\",\"item\":\"https:\\\/\\\/www.stpierrepinguet.org\\\/wp\\\/\"},{\"@type\":\"ListItem\",\"position\":2,\"name\":\"Multimedias\",\"item\":\"https:\\\/\\\/www.stpierrepinguet.org\\\/wp\\\/sermons\\\/\"},{\"@type\":\"ListItem\",\"position\":3,\"name\":\"\u00c9loge de la cr\u00e9ativit\u00e9\"}]},{\"@type\":\"WebSite\",\"@id\":\"https:\\\/\\\/www.stpierrepinguet.org\\\/wp\\\/#website\",\"url\":\"https:\\\/\\\/www.stpierrepinguet.org\\\/wp\\\/\",\"name\":\"&Eacute;glise Unie St-Pierre et Pinguet\",\"description\":\"Une communaut&eacute; chr&eacute;tienne protestante et inclusive\",\"publisher\":{\"@id\":\"https:\\\/\\\/www.stpierrepinguet.org\\\/wp\\\/#organization\"},\"potentialAction\":[{\"@type\":\"SearchAction\",\"target\":{\"@type\":\"EntryPoint\",\"urlTemplate\":\"https:\\\/\\\/www.stpierrepinguet.org\\\/wp\\\/?s={search_term_string}\"},\"query-input\":{\"@type\":\"PropertyValueSpecification\",\"valueRequired\":true,\"valueName\":\"search_term_string\"}}],\"inLanguage\":\"fr-FR\"},{\"@type\":\"Organization\",\"@id\":\"https:\\\/\\\/www.stpierrepinguet.org\\\/wp\\\/#organization\",\"name\":\"Eglise Unie St-Pierre et Pinguet\",\"url\":\"https:\\\/\\\/www.stpierrepinguet.org\\\/wp\\\/\",\"logo\":{\"@type\":\"ImageObject\",\"inLanguage\":\"fr-FR\",\"@id\":\"https:\\\/\\\/www.stpierrepinguet.org\\\/wp\\\/#\\\/schema\\\/logo\\\/image\\\/\",\"url\":\"https:\\\/\\\/www.stpierrepinguet.org\\\/wp\\\/wp-content\\\/uploads\\\/2014\\\/02\\\/new_logo.png\",\"contentUrl\":\"https:\\\/\\\/www.stpierrepinguet.org\\\/wp\\\/wp-content\\\/uploads\\\/2014\\\/02\\\/new_logo.png\",\"width\":381,\"height\":604,\"caption\":\"Eglise Unie St-Pierre et Pinguet\"},\"image\":{\"@id\":\"https:\\\/\\\/www.stpierrepinguet.org\\\/wp\\\/#\\\/schema\\\/logo\\\/image\\\/\"},\"sameAs\":[\"https:\\\/\\\/www.facebook.com\\\/stpierreetpinguet\\\/\",\"https:\\\/\\\/www.youtube.com\\\/channel\\\/UCoV9MPsvZCrrMSz3SxSW6iA\"]}]}<\/script>\n<!-- \/ Yoast SEO plugin. -->","yoast_head_json":{"title":"\u00c9loge de la cr\u00e9ativit\u00e9","description":"Nous sommes faits \u00e0 l\u2019image de Dieu. Par la gr\u00e2ce de Dieu, nous avons toutes et tous en nous toute la cr\u00e9ativit\u00e9 et l\u2019ing\u00e9niosit\u00e9 qu\u2019il nous faut pour refaire le monde dans lequel nous vivons.","robots":{"index":"index","follow":"follow","max-snippet":"max-snippet:-1","max-image-preview":"max-image-preview:large","max-video-preview":"max-video-preview:-1"},"canonical":"https:\/\/www.stpierrepinguet.org\/wp\/sermons\/eloge-de-la-creativite\/","og_locale":"fr_FR","og_type":"article","og_title":"\u00c9loge de la cr\u00e9ativit\u00e9","og_description":"Nous sommes faits \u00e0 l\u2019image de Dieu. Par la gr\u00e2ce de Dieu, nous avons toutes et tous en nous toute la cr\u00e9ativit\u00e9 et l\u2019ing\u00e9niosit\u00e9 qu\u2019il nous faut pour refaire le monde dans lequel nous vivons.","og_url":"https:\/\/www.stpierrepinguet.org\/wp\/sermons\/eloge-de-la-creativite\/","og_site_name":"&Eacute;glise Unie St-Pierre et Pinguet","article_publisher":"https:\/\/www.facebook.com\/stpierreetpinguet\/","article_modified_time":"2025-08-05T00:39:23+00:00","og_image":[{"width":1920,"height":1282,"url":"https:\/\/www.stpierrepinguet.org\/wp\/wp-content\/uploads\/2022\/09\/artist-g0566fee7b_1920.jpg","type":"image\/jpeg"}],"twitter_card":"summary_large_image","twitter_misc":{"Dur\u00e9e de lecture estim\u00e9e":"6 minutes"},"schema":{"@context":"https:\/\/schema.org","@graph":[{"@type":"WebPage","@id":"https:\/\/www.stpierrepinguet.org\/wp\/sermons\/eloge-de-la-creativite\/","url":"https:\/\/www.stpierrepinguet.org\/wp\/sermons\/eloge-de-la-creativite\/","name":"\u00c9loge de la cr\u00e9ativit\u00e9","isPartOf":{"@id":"https:\/\/www.stpierrepinguet.org\/wp\/#website"},"primaryImageOfPage":{"@id":"https:\/\/www.stpierrepinguet.org\/wp\/sermons\/eloge-de-la-creativite\/#primaryimage"},"image":{"@id":"https:\/\/www.stpierrepinguet.org\/wp\/sermons\/eloge-de-la-creativite\/#primaryimage"},"thumbnailUrl":"https:\/\/www.stpierrepinguet.org\/wp\/wp-content\/uploads\/2022\/09\/artist-g0566fee7b_1920.jpg","datePublished":"2022-09-18T19:24:16+00:00","dateModified":"2025-08-05T00:39:23+00:00","description":"Nous sommes faits \u00e0 l\u2019image de Dieu. Par la gr\u00e2ce de Dieu, nous avons toutes et tous en nous toute la cr\u00e9ativit\u00e9 et l\u2019ing\u00e9niosit\u00e9 qu\u2019il nous faut pour refaire le monde dans lequel nous vivons.","breadcrumb":{"@id":"https:\/\/www.stpierrepinguet.org\/wp\/sermons\/eloge-de-la-creativite\/#breadcrumb"},"inLanguage":"fr-FR","potentialAction":[{"@type":"ReadAction","target":["https:\/\/www.stpierrepinguet.org\/wp\/sermons\/eloge-de-la-creativite\/"]}]},{"@type":"ImageObject","inLanguage":"fr-FR","@id":"https:\/\/www.stpierrepinguet.org\/wp\/sermons\/eloge-de-la-creativite\/#primaryimage","url":"https:\/\/www.stpierrepinguet.org\/wp\/wp-content\/uploads\/2022\/09\/artist-g0566fee7b_1920.jpg","contentUrl":"https:\/\/www.stpierrepinguet.org\/wp\/wp-content\/uploads\/2022\/09\/artist-g0566fee7b_1920.jpg","width":1920,"height":1282},{"@type":"BreadcrumbList","@id":"https:\/\/www.stpierrepinguet.org\/wp\/sermons\/eloge-de-la-creativite\/#breadcrumb","itemListElement":[{"@type":"ListItem","position":1,"name":"Accueil","item":"https:\/\/www.stpierrepinguet.org\/wp\/"},{"@type":"ListItem","position":2,"name":"Multimedias","item":"https:\/\/www.stpierrepinguet.org\/wp\/sermons\/"},{"@type":"ListItem","position":3,"name":"\u00c9loge de la cr\u00e9ativit\u00e9"}]},{"@type":"WebSite","@id":"https:\/\/www.stpierrepinguet.org\/wp\/#website","url":"https:\/\/www.stpierrepinguet.org\/wp\/","name":"&Eacute;glise Unie St-Pierre et Pinguet","description":"Une communaut&eacute; chr&eacute;tienne protestante et inclusive","publisher":{"@id":"https:\/\/www.stpierrepinguet.org\/wp\/#organization"},"potentialAction":[{"@type":"SearchAction","target":{"@type":"EntryPoint","urlTemplate":"https:\/\/www.stpierrepinguet.org\/wp\/?s={search_term_string}"},"query-input":{"@type":"PropertyValueSpecification","valueRequired":true,"valueName":"search_term_string"}}],"inLanguage":"fr-FR"},{"@type":"Organization","@id":"https:\/\/www.stpierrepinguet.org\/wp\/#organization","name":"Eglise Unie St-Pierre et Pinguet","url":"https:\/\/www.stpierrepinguet.org\/wp\/","logo":{"@type":"ImageObject","inLanguage":"fr-FR","@id":"https:\/\/www.stpierrepinguet.org\/wp\/#\/schema\/logo\/image\/","url":"https:\/\/www.stpierrepinguet.org\/wp\/wp-content\/uploads\/2014\/02\/new_logo.png","contentUrl":"https:\/\/www.stpierrepinguet.org\/wp\/wp-content\/uploads\/2014\/02\/new_logo.png","width":381,"height":604,"caption":"Eglise Unie St-Pierre et Pinguet"},"image":{"@id":"https:\/\/www.stpierrepinguet.org\/wp\/#\/schema\/logo\/image\/"},"sameAs":["https:\/\/www.facebook.com\/stpierreetpinguet\/","https:\/\/www.youtube.com\/channel\/UCoV9MPsvZCrrMSz3SxSW6iA"]}]}},"_links":{"self":[{"href":"https:\/\/www.stpierrepinguet.org\/wp\/wp-json\/wp\/v2\/ctc_sermon\/9218","targetHints":{"allow":["GET"]}}],"collection":[{"href":"https:\/\/www.stpierrepinguet.org\/wp\/wp-json\/wp\/v2\/ctc_sermon"}],"about":[{"href":"https:\/\/www.stpierrepinguet.org\/wp\/wp-json\/wp\/v2\/types\/ctc_sermon"}],"author":[{"embeddable":true,"href":"https:\/\/www.stpierrepinguet.org\/wp\/wp-json\/wp\/v2\/users\/1"}],"replies":[{"embeddable":true,"href":"https:\/\/www.stpierrepinguet.org\/wp\/wp-json\/wp\/v2\/comments?post=9218"}],"version-history":[{"count":0,"href":"https:\/\/www.stpierrepinguet.org\/wp\/wp-json\/wp\/v2\/ctc_sermon\/9218\/revisions"}],"wp:featuredmedia":[{"embeddable":true,"href":"https:\/\/www.stpierrepinguet.org\/wp\/wp-json\/wp\/v2\/media\/9219"}],"wp:attachment":[{"href":"https:\/\/www.stpierrepinguet.org\/wp\/wp-json\/wp\/v2\/media?parent=9218"}],"wp:term":[{"taxonomy":"ctc_sermon_topic","embeddable":true,"href":"https:\/\/www.stpierrepinguet.org\/wp\/wp-json\/wp\/v2\/ctc_sermon_topic?post=9218"},{"taxonomy":"ctc_sermon_book","embeddable":true,"href":"https:\/\/www.stpierrepinguet.org\/wp\/wp-json\/wp\/v2\/ctc_sermon_book?post=9218"},{"taxonomy":"ctc_sermon_series","embeddable":true,"href":"https:\/\/www.stpierrepinguet.org\/wp\/wp-json\/wp\/v2\/ctc_sermon_series?post=9218"},{"taxonomy":"ctc_sermon_speaker","embeddable":true,"href":"https:\/\/www.stpierrepinguet.org\/wp\/wp-json\/wp\/v2\/ctc_sermon_speaker?post=9218"},{"taxonomy":"ctc_sermon_tag","embeddable":true,"href":"https:\/\/www.stpierrepinguet.org\/wp\/wp-json\/wp\/v2\/ctc_sermon_tag?post=9218"}],"curies":[{"name":"wp","href":"https:\/\/api.w.org\/{rel}","templated":true}]}}