{"id":8195,"date":"2020-10-11T11:30:40","date_gmt":"2020-10-11T15:30:40","guid":{"rendered":"https:\/\/www.stpierrepinguet.org\/wp\/?post_type=ctc_sermon&#038;p=8195"},"modified":"2020-10-12T12:44:46","modified_gmt":"2020-10-12T16:44:46","slug":"mon-dieu-merci-pour-ta-paix","status":"publish","type":"ctc_sermon","link":"https:\/\/www.stpierrepinguet.org\/wp\/sermons\/mon-dieu-merci-pour-ta-paix\/","title":{"rendered":"Mon Dieu, merci pour ta paix !"},"content":{"rendered":"<p class=\"western\" lang=\"fr-CA\">Ce matin, nous avons lu ensemble la lettre de Paul. Il s\u2019agit d\u2019une lettre qui s\u2019adresse \u00e0 une \u00e9glise chr\u00e9tienne naissante du nord-est de la Gr\u00e8ce. Des ann\u00e9es auparavant, Paul a soutenu la mise en place de cette communaut\u00e9. L\u2019\u00c9glise chr\u00e9tienne dans son ensemble est encore tr\u00e8s informelle, elle est plus un mouvement qu\u2019une institution et doit faire des efforts immenses pour s\u2019affirmer, pour survivre et, surtout, pour garder le cap sur l\u2019essentiel du message lib\u00e9rateur du Christ. Elle doit \u00e9viter que le message ne soit r\u00e9cup\u00e9r\u00e9 par des manipulateurs ou de faux proph\u00e8tes ou, encore, que le mouvement soit d\u00e9chir\u00e9 par des divisions internes.<\/p>\n<p class=\"western\" lang=\"fr-CA\">Paul est emprisonn\u00e9 au moment o\u00f9 il \u00e9crit cette lettre. Il est priv\u00e9 de sa libert\u00e9. Il vit dans des conditions pitoyables et il se pr\u00e9occupe des communaut\u00e9s qu\u2019il a \u00e9tablies ou plant\u00e9es dans plusieurs r\u00e9gions de la mer M\u00e9diterran\u00e9e. Donc, nous avons un sage, un leader emprisonn\u00e9. Il est sans force ni capacit\u00e9 physique d\u2019agir. Il communique avec ses amis, avec les siens, pour leur donner des conseils et pour leur rappeler les \u00e9l\u00e9ments cl\u00e9s du message du Christ. Il leur parle avec bienveillance du mode de vie que nous, chr\u00e9tiens, nous devons rechercher.<\/p>\n<p class=\"western\" lang=\"fr-CA\"><b>Vivre et b\u00e2tir une communaut\u00e9 en Christ, c\u2019est tout un d\u00e9fi pour les humains.<\/b><\/p>\n<p class=\"western\" lang=\"fr-CA\">Pour les membres de communaut\u00e9, de groupe, de soci\u00e9t\u00e9, de famille ou d\u2019\u00e9glise\u00a0: il est facile de mettre l\u2019accent sur la division, sur les diff\u00e9rences. Nous nous d\u00e9finissons, comme \u00eatre humain, en nous comparant, en portant des jugements. Il est tentant pour nous, humains, d\u2019\u00eatre dans le jugement n\u00e9gatif nous concentrant sur les diff\u00e9rences.<\/p>\n<p class=\"western\" lang=\"fr-CA\">Toutefois, la lettre de Paul nous rappelle que nos diff\u00e9rences ou nos conflits ne doivent pas avoir comme cons\u00e9quence de nous \u00e9loigner de notre but\u00a0qui est de grandir ensemble en Christ\u00a0:<\/p>\n<p style=\"padding-left: 40px;\"><span style=\"font-size: large;\">\u00ab\u00a0<\/span><i>C\u2019est pourquoi, amis tr\u00e8s chers, restez fid\u00e8lement unis au Seigneur. <\/i><i>2\u00c9vodie et Syntique, je vous le demande avec force, soyez d\u2019accord entre vous en restant unies au Seigneur. 3Et toi aussi qui travailles fid\u00e8lement avec moi, je te le demande, aide ces deux femmes.<\/i><span style=\"font-size: large;\"> \u00bb<\/span><\/p>\n<p class=\"western\" lang=\"fr-CA\">Nous voyons bien la pr\u00e9occupation de Paul face \u00e0 ce conflit entre ces deux femmes occupant une place significative dans cette communaut\u00e9. Nous ressentons la souffrance et l\u2019anxi\u00e9t\u00e9 exprim\u00e9es par Paul. Nous pouvons imaginer le danger qu\u2019il entrevoit. Le conflit qui a conduit \u00e0 l\u2019\u00e9criture de la lettre pourrait \u00e0 terme mener \u00e0 l\u2019effritement de la communaut\u00e9, \u00e0 la perte de sens, \u00e0 son implosion.<\/p>\n<p class=\"western\" lang=\"fr-CA\">Ainsi, Paul met l\u2019accent sur l\u2019unit\u00e9, malgr\u00e9 les d\u00e9saccords, les conflits, les visions diff\u00e9rentes. Il souligne l\u2019importance de rester unis sur les aspects fondamentaux du message du Christ\u00a0: l\u2019amour, le pardon et le soutien mutuel.<\/p>\n<p class=\"western\" lang=\"fr-CA\"><b>Un point de d\u00e9part pour r\u00e9gler un conflit\u00a0: reconna\u00eetre l\u2019importance de l\u2019autre et la valeur de sa contribution <\/b><\/p>\n<p class=\"western\" lang=\"fr-CA\">Dans plusieurs manuels sur la communication efficace, il est expliqu\u00e9 comment, quand nous voulons r\u00e9gler un conflit avec une personne, il est pr\u00e9f\u00e9rable de commencer en reconnaissant l\u2019autre personne, sa valeur et sa contribution. Il faut mettre l&rsquo;accent sur le positif chez l\u2019autre.<\/p>\n<p class=\"western\" lang=\"fr-CA\">Il est int\u00e9ressant que Paul, dans une lettre transmise il y a des milliers d\u2019ann\u00e9es, mette en pratique un principe de psychologie reconnu. Comme quoi, la sagesse divine, la connexion int\u00e9rieure \u00e0 Dieu, nous permet souvent d\u2019avoir les bonnes strat\u00e9gies.<\/p>\n<p class=\"western\" lang=\"fr-CA\">Ainsi, dans sa lettre, Paul commence par reconna\u00eetre la richesse de chacune, leur contribution. Il met en lumi\u00e8re l\u2019importance de leur contribution.<\/p>\n<p style=\"padding-left: 40px;\"><span style=\"font-size: large;\">\u00ab\u00a0<\/span><i>Elles ont lutt\u00e9 pour la Bonne Nouvelle avec moi, avec Cl\u00e9ment et avec les autres fr\u00e8res qui travaillent avec moi. Leurs noms sont \u00e9crits dans le livre de la vie.<\/i><span style=\"font-size: large;\">\u00a0\u00bb<\/span><\/p>\n<p class=\"western\" lang=\"fr-CA\">En revanche, il rappelle l\u2019importance primordiale de s\u2019entendre dans notre vie collective, quand nous sommes ensemble \u00e0 rechercher un m\u00eame but.<\/p>\n<p style=\"padding-left: 40px;\"><span style=\"font-size: large;\">\u00ab\u00a0<\/span><i>2\u00c9vodie et Syntique, je vous le demande avec force, soyez d\u2019accord entre vous en restant unies au Seigneur.<\/i><span style=\"font-size: large;\">\u00a0\u00bb<\/span><\/p>\n<p class=\"western\" lang=\"fr-CA\"><b>Paul donne aussi certains ingr\u00e9dients permettant de vivre ensemble uni en Christ<\/b><\/p>\n<ul>\n<li>\n<ul>\n<li><span style=\"font-family: Times New Roman, serif;\"><b>\u00ab\u00a0<\/b><i><b>4Soyez toujours dans la joie en \u00e9tant unis au Seigneur ! Je le r\u00e9p\u00e8te, soyez dans la joie !<\/b><\/i><b>\u00a0\u00bb <\/b>Nous sommes appel\u00e9s \u00e0 trouver le moyen d\u2019\u00eatre joyeux. Se mettre dans un \u00e9tat d\u2019esprit de joie et d\u2019agir de mani\u00e8re \u00e0 susciter la joie en \u00e9tant unis \u00e0 Dieu, \u00e0 son appel, \u00e0 son amour. C\u2019est un appel collectif, mais aussi, un appel individuel. Est-ce que je me concentre sur ce qui me g\u00e9n\u00e8re de la peine, sur ce qui m\u2019\u00e9nerve ou sur ce qui me rend joyeux, heureux et libre\u2009?<\/span><\/li>\n<li><span style=\"font-family: Times New Roman, serif;\"><b>\u00ab\u00a0<\/b><i><b>5Soyez bons avec tout le monde. Le Seigneur vient bient\u00f4t !<\/b><\/i><b> \u00bb <\/b><\/span>C\u2019est facile de chercher le grain de sable qui me fait grincer et qui peut me justifier de ne pas \u00eatre bon. Parfois, nous avons l\u2019impression d\u2019\u00eatre dans une sabli\u00e8re remplie de grains de sable justifiant nos attitudes n\u00e9gatives envers les uns et les autres. Ici, Paul demande aux Philippiens d\u2019\u00eatre bons, d\u2019\u00eatre patients, d\u2019\u00eatre en r\u00e9conciliation permanente, d\u2019\u00eatre bienveillants. Il nous dit au fond que par cette attitude, nous ne perdons rien, nous nous rapprochons de Dieu.<\/li>\n<li><span style=\"font-family: Times New Roman, serif;\">\u00ab<b>\u00a0<\/b><i><b>6Ne soyez inquiets de rien, mais demandez toujours \u00e0 Dieu ce qu\u2019il vous faut.\u00a0Et quand vous priez, faites vos demandes avec un c\u0153ur reconnaissant<\/b><\/i><b>. \u00bb <\/b>Quand nous adoptons une attitude de confiance et que nous m\u00e9ditons en \u00e9tant reconnaissants d\u2019embl\u00e9e pour ce que nous avons, ce que nous sommes, ce que nous recevons; notre pri\u00e8re est alors plus facilement ouverte, g\u00e9n\u00e9reuse, compatissante et tourn\u00e9e vers les autres, vers Dieu et vers ce que l\u2019on peut faire. Nous sommes alors dans un \u00e9tat d\u2019esprit o\u00f9 il nous est possible de ressentir la pr\u00e9sence rassurante de Dieu. C\u2019est dans cette assurance et ce calme que nous pouvons plus facilement avoir cette conversation avec Dieu et entendre son appel et ses conseils.<\/span><\/li>\n<\/ul>\n<\/li>\n<\/ul>\n<p class=\"western\" lang=\"fr-CA\"><b>Paul nous rappelle dans sa lettre nos buts comme communaut\u00e9 et comme chr\u00e9tiens.<\/b><\/p>\n<p style=\"padding-left: 40px;\"><strong><span style=\"font-size: large;\">\u00ab\u00a0<\/span><i>8En tout cas, fr\u00e8res et s\u0153urs, voici <\/i><i><u>ce qui doit vous int\u00e9resser<\/u><\/i><span style=\"font-size: large;\"><i> : <\/i><\/span><span style=\"font-size: large;\"><i><u>tout<\/u><\/i><\/span><span style=\"font-size: large;\"><i> ce qui est vrai et m\u00e9rite d\u2019\u00eatre respect\u00e9, <\/i><\/span><span style=\"font-size: large;\"><i><u>tout<\/u><\/i><\/span><span style=\"font-size: large;\"><i> ce qui est juste et pur, <\/i><\/span><span style=\"font-size: large;\"><i><u>tout<\/u><\/i><\/span> <span style=\"font-size: large;\"><i>ce qu\u2019on peut aimer et approuver, <\/i><\/span><span style=\"font-size: large;\"><i><u>tout<\/u><\/i><\/span><span style=\"font-size: large;\"><i> ce qui est tr\u00e8s bon et ce qui m\u00e9rite des f\u00e9licitations. 9Faites ce que vous avez appris de moi, ce que vous avez re\u00e7u et entendu de moi, ce que vous m\u2019avez vu faire.<\/i><\/span><span style=\"font-size: large;\">\u00a0\u00bb<\/span><\/strong><\/p>\n<p class=\"western\" lang=\"fr-CA\">Ce ne sont pas certains \u00e9l\u00e9ments qui doivent \u00eatre respect\u00e9s ou honor\u00e9s, <u>mais bien tout ce qui nous est donn\u00e9, ce qui est vrai, juste, aimable et bon<\/u><span style=\"font-size: large;\">. <\/span><\/p>\n<p class=\"western\" lang=\"fr-CA\"><b>Conclusion &#8211; notre but ultime\u00a0: ressentir la paix de Dieu <\/b><\/p>\n<p class=\"western\" lang=\"fr-CA\" style=\"padding-left: 40px;\">\u00ab\u00a09Faites ce que vous avez appris de moi, ce que vous avez re\u00e7u et entendu de moi, ce que vous m\u2019avez vu faire. Et le Dieu qui donne la paix sera avec vous.\u00a0\u00bb<\/p>\n<p class=\"western\" lang=\"fr-CA\">Ainsi, la promesse de Paul n\u2019est pas le pouvoir, l\u2019argent, la gloire, l\u2019attention ou la reconnaissance des autres. Il nous promet la paix. Pas une paix ordinaire, mais bien une paix qui d\u00e9passe pratiquement l\u2019entendement\u00a0:<\/p>\n<p style=\"padding-left: 40px;\"><span style=\"font-size: large;\">\u00ab\u00a0<\/span><u>7Ainsi la paix de Dieu, qui d\u00e9passe tout ce que nous pouvons comprendre, gardera vos c\u0153urs et vos pens\u00e9es unis au Christ <\/u>J\u00e9sus\u00a0\u00bb.<\/p>\n<p class=\"western\" lang=\"fr-CA\">Ainsi, notre nirvana, notre cadeau, notre but ultime, c\u2019est la paix, une paix joyeuse, libre et g\u00e9n\u00e9reuse.<\/p>\n<p class=\"western\" lang=\"fr-CA\">Et c\u2019est pour ces moments de grande paix int\u00e9rieure et de lumi\u00e8re que nous rendons gr\u00e2ce aujourd\u2019hui. Malgr\u00e9 les malgr\u00e9s, en ces temps de pand\u00e9mie, de souffrances, d\u2019isolement, de deuils et de projets remis en question.<\/p>\n<p class=\"western\" lang=\"fr-CA\">Nous savons qu\u2019en poursuivant notre \u0153uvre d\u2019amour ensemble, un jour \u00e0 la fois, dans un esprit joyeux, la paix divine est \u00e0 port\u00e9e de nous. Elle est l\u00e0 et elle nous attend.<\/p>\n<p class=\"western\" lang=\"fr-CA\">Et pour cette paix sans limites et toujours pr\u00e9sente, nous disons merci \u00e0 Dieu.<\/p>\n<p>&nbsp;<\/p>\n<h2 style=\"text-align: center;\">LECTURES BIBLIQUES<\/h2>\n<p style=\"text-align: center;\"><a href=\"https:\/\/lire.la-bible.net\/lecture\/philippiens\/4\/1-9\" target=\"_blank\" rel=\"noopener noreferrer\"><span style=\"text-decoration: underline;\"><span style=\"font-size: large;\">Philippiens 4\u00a0: 1-9 <\/span><\/span><\/a><\/p>\n","protected":false},"excerpt":{"rendered":"<p>Ce matin, nous avons lu ensemble la lettre de Paul. Il s\u2019agit d\u2019une lettre qui s\u2019adresse \u00e0 une \u00e9glise chr\u00e9tienne naissante du nord-est de la Gr\u00e8ce. Des ann\u00e9es auparavant, Paul a soutenu la mise en place de cette communaut\u00e9. L\u2019\u00c9glise chr\u00e9tienne dans son ensemble est encore tr\u00e8s informelle, elle est plus un mouvement qu\u2019une institution&hellip;<\/p>\n","protected":false},"author":1,"featured_media":8196,"comment_status":"open","ping_status":"closed","template":"","ctc_sermon_topic":[408,566,690],"ctc_sermon_book":[220],"ctc_sermon_series":[],"ctc_sermon_speaker":[647],"ctc_sermon_tag":[],"class_list":["post-8195","ctc_sermon","type-ctc_sermon","status-publish","has-post-thumbnail","hentry","ctc_sermon_topic-paix","ctc_sermon_topic-philippiens4","ctc_sermon_topic-resolution-de-conflits","ctc_sermon_book-philippiens","ctc_sermon_speaker-stephane-de-sainte-adele","ctfw-has-image"],"yoast_head":"<!-- This site is optimized with the Yoast SEO plugin v27.4 - https:\/\/yoast.com\/product\/yoast-seo-wordpress\/ -->\n<title>Mon Dieu, merci pour ta paix !<\/title>\n<meta name=\"description\" content=\"C\u2019est pour ces moments de grande paix int\u00e9rieure et de lumi\u00e8re que nous rendons gr\u00e2ce aujourd\u2019hui. Malgr\u00e9 les malgr\u00e9s, en ces temps de pand\u00e9mie, de souffrances, d\u2019isolement, de deuils et de projets remis en question.Nous savons qu\u2019en poursuivant notre \u0153uvre d\u2019amour ensemble, un jour \u00e0 la fois, dans un esprit joyeux, la paix divine est \u00e0 port\u00e9e de nous. Elle est l\u00e0 et elle nous attend.\" \/>\n<meta name=\"robots\" content=\"index, follow, max-snippet:-1, max-image-preview:large, max-video-preview:-1\" \/>\n<link rel=\"canonical\" href=\"https:\/\/www.stpierrepinguet.org\/wp\/sermons\/mon-dieu-merci-pour-ta-paix\/\" \/>\n<meta property=\"og:locale\" content=\"fr_FR\" \/>\n<meta property=\"og:type\" content=\"article\" \/>\n<meta property=\"og:title\" content=\"Mon Dieu, merci pour ta paix !\" \/>\n<meta property=\"og:description\" content=\"C\u2019est pour ces moments de grande paix int\u00e9rieure et de lumi\u00e8re que nous rendons gr\u00e2ce aujourd\u2019hui. Malgr\u00e9 les malgr\u00e9s, en ces temps de pand\u00e9mie, de souffrances, d\u2019isolement, de deuils et de projets remis en question.Nous savons qu\u2019en poursuivant notre \u0153uvre d\u2019amour ensemble, un jour \u00e0 la fois, dans un esprit joyeux, la paix divine est \u00e0 port\u00e9e de nous. Elle est l\u00e0 et elle nous attend.\" \/>\n<meta property=\"og:url\" content=\"https:\/\/www.stpierrepinguet.org\/wp\/sermons\/mon-dieu-merci-pour-ta-paix\/\" \/>\n<meta property=\"og:site_name\" content=\"&Eacute;glise Unie St-Pierre et Pinguet\" \/>\n<meta property=\"article:publisher\" content=\"https:\/\/www.facebook.com\/stpierreetpinguet\/\" \/>\n<meta property=\"article:modified_time\" content=\"2020-10-12T16:44:46+00:00\" \/>\n<meta property=\"og:image\" content=\"https:\/\/www.stpierrepinguet.org\/wp\/wp-content\/uploads\/2020\/10\/colorful-1325198_12801.jpg\" \/>\n\t<meta property=\"og:image:width\" content=\"1280\" \/>\n\t<meta property=\"og:image:height\" content=\"1069\" \/>\n\t<meta property=\"og:image:type\" content=\"image\/jpeg\" \/>\n<meta name=\"twitter:card\" content=\"summary_large_image\" \/>\n<meta name=\"twitter:label1\" content=\"Dur\u00e9e de lecture estim\u00e9e\" \/>\n\t<meta name=\"twitter:data1\" content=\"7 minutes\" \/>\n<script type=\"application\/ld+json\" class=\"yoast-schema-graph\">{\"@context\":\"https:\\\/\\\/schema.org\",\"@graph\":[{\"@type\":\"WebPage\",\"@id\":\"https:\\\/\\\/www.stpierrepinguet.org\\\/wp\\\/sermons\\\/mon-dieu-merci-pour-ta-paix\\\/\",\"url\":\"https:\\\/\\\/www.stpierrepinguet.org\\\/wp\\\/sermons\\\/mon-dieu-merci-pour-ta-paix\\\/\",\"name\":\"Mon Dieu, merci pour ta paix !\",\"isPartOf\":{\"@id\":\"https:\\\/\\\/www.stpierrepinguet.org\\\/wp\\\/#website\"},\"primaryImageOfPage\":{\"@id\":\"https:\\\/\\\/www.stpierrepinguet.org\\\/wp\\\/sermons\\\/mon-dieu-merci-pour-ta-paix\\\/#primaryimage\"},\"image\":{\"@id\":\"https:\\\/\\\/www.stpierrepinguet.org\\\/wp\\\/sermons\\\/mon-dieu-merci-pour-ta-paix\\\/#primaryimage\"},\"thumbnailUrl\":\"https:\\\/\\\/www.stpierrepinguet.org\\\/wp\\\/wp-content\\\/uploads\\\/2020\\\/10\\\/colorful-1325198_12801.jpg\",\"datePublished\":\"2020-10-11T15:30:40+00:00\",\"dateModified\":\"2020-10-12T16:44:46+00:00\",\"description\":\"C\u2019est pour ces moments de grande paix int\u00e9rieure et de lumi\u00e8re que nous rendons gr\u00e2ce aujourd\u2019hui. Malgr\u00e9 les malgr\u00e9s, en ces temps de pand\u00e9mie, de souffrances, d\u2019isolement, de deuils et de projets remis en question.Nous savons qu\u2019en poursuivant notre \u0153uvre d\u2019amour ensemble, un jour \u00e0 la fois, dans un esprit joyeux, la paix divine est \u00e0 port\u00e9e de nous. Elle est l\u00e0 et elle nous attend.\",\"breadcrumb\":{\"@id\":\"https:\\\/\\\/www.stpierrepinguet.org\\\/wp\\\/sermons\\\/mon-dieu-merci-pour-ta-paix\\\/#breadcrumb\"},\"inLanguage\":\"fr-FR\",\"potentialAction\":[{\"@type\":\"ReadAction\",\"target\":[\"https:\\\/\\\/www.stpierrepinguet.org\\\/wp\\\/sermons\\\/mon-dieu-merci-pour-ta-paix\\\/\"]}]},{\"@type\":\"ImageObject\",\"inLanguage\":\"fr-FR\",\"@id\":\"https:\\\/\\\/www.stpierrepinguet.org\\\/wp\\\/sermons\\\/mon-dieu-merci-pour-ta-paix\\\/#primaryimage\",\"url\":\"https:\\\/\\\/www.stpierrepinguet.org\\\/wp\\\/wp-content\\\/uploads\\\/2020\\\/10\\\/colorful-1325198_12801.jpg\",\"contentUrl\":\"https:\\\/\\\/www.stpierrepinguet.org\\\/wp\\\/wp-content\\\/uploads\\\/2020\\\/10\\\/colorful-1325198_12801.jpg\",\"width\":1280,\"height\":1069},{\"@type\":\"BreadcrumbList\",\"@id\":\"https:\\\/\\\/www.stpierrepinguet.org\\\/wp\\\/sermons\\\/mon-dieu-merci-pour-ta-paix\\\/#breadcrumb\",\"itemListElement\":[{\"@type\":\"ListItem\",\"position\":1,\"name\":\"Accueil\",\"item\":\"https:\\\/\\\/www.stpierrepinguet.org\\\/wp\\\/\"},{\"@type\":\"ListItem\",\"position\":2,\"name\":\"Multimedias\",\"item\":\"https:\\\/\\\/www.stpierrepinguet.org\\\/wp\\\/sermons\\\/\"},{\"@type\":\"ListItem\",\"position\":3,\"name\":\"Mon Dieu, merci pour ta paix !\"}]},{\"@type\":\"WebSite\",\"@id\":\"https:\\\/\\\/www.stpierrepinguet.org\\\/wp\\\/#website\",\"url\":\"https:\\\/\\\/www.stpierrepinguet.org\\\/wp\\\/\",\"name\":\"&Eacute;glise Unie St-Pierre et Pinguet\",\"description\":\"Une communaut&eacute; chr&eacute;tienne protestante et inclusive\",\"publisher\":{\"@id\":\"https:\\\/\\\/www.stpierrepinguet.org\\\/wp\\\/#organization\"},\"potentialAction\":[{\"@type\":\"SearchAction\",\"target\":{\"@type\":\"EntryPoint\",\"urlTemplate\":\"https:\\\/\\\/www.stpierrepinguet.org\\\/wp\\\/?s={search_term_string}\"},\"query-input\":{\"@type\":\"PropertyValueSpecification\",\"valueRequired\":true,\"valueName\":\"search_term_string\"}}],\"inLanguage\":\"fr-FR\"},{\"@type\":\"Organization\",\"@id\":\"https:\\\/\\\/www.stpierrepinguet.org\\\/wp\\\/#organization\",\"name\":\"Eglise Unie St-Pierre et Pinguet\",\"url\":\"https:\\\/\\\/www.stpierrepinguet.org\\\/wp\\\/\",\"logo\":{\"@type\":\"ImageObject\",\"inLanguage\":\"fr-FR\",\"@id\":\"https:\\\/\\\/www.stpierrepinguet.org\\\/wp\\\/#\\\/schema\\\/logo\\\/image\\\/\",\"url\":\"https:\\\/\\\/www.stpierrepinguet.org\\\/wp\\\/wp-content\\\/uploads\\\/2014\\\/02\\\/new_logo.png\",\"contentUrl\":\"https:\\\/\\\/www.stpierrepinguet.org\\\/wp\\\/wp-content\\\/uploads\\\/2014\\\/02\\\/new_logo.png\",\"width\":381,\"height\":604,\"caption\":\"Eglise Unie St-Pierre et Pinguet\"},\"image\":{\"@id\":\"https:\\\/\\\/www.stpierrepinguet.org\\\/wp\\\/#\\\/schema\\\/logo\\\/image\\\/\"},\"sameAs\":[\"https:\\\/\\\/www.facebook.com\\\/stpierreetpinguet\\\/\",\"https:\\\/\\\/www.youtube.com\\\/channel\\\/UCoV9MPsvZCrrMSz3SxSW6iA\"]}]}<\/script>\n<!-- \/ Yoast SEO plugin. -->","yoast_head_json":{"title":"Mon Dieu, merci pour ta paix !","description":"C\u2019est pour ces moments de grande paix int\u00e9rieure et de lumi\u00e8re que nous rendons gr\u00e2ce aujourd\u2019hui. Malgr\u00e9 les malgr\u00e9s, en ces temps de pand\u00e9mie, de souffrances, d\u2019isolement, de deuils et de projets remis en question.Nous savons qu\u2019en poursuivant notre \u0153uvre d\u2019amour ensemble, un jour \u00e0 la fois, dans un esprit joyeux, la paix divine est \u00e0 port\u00e9e de nous. Elle est l\u00e0 et elle nous attend.","robots":{"index":"index","follow":"follow","max-snippet":"max-snippet:-1","max-image-preview":"max-image-preview:large","max-video-preview":"max-video-preview:-1"},"canonical":"https:\/\/www.stpierrepinguet.org\/wp\/sermons\/mon-dieu-merci-pour-ta-paix\/","og_locale":"fr_FR","og_type":"article","og_title":"Mon Dieu, merci pour ta paix !","og_description":"C\u2019est pour ces moments de grande paix int\u00e9rieure et de lumi\u00e8re que nous rendons gr\u00e2ce aujourd\u2019hui. Malgr\u00e9 les malgr\u00e9s, en ces temps de pand\u00e9mie, de souffrances, d\u2019isolement, de deuils et de projets remis en question.Nous savons qu\u2019en poursuivant notre \u0153uvre d\u2019amour ensemble, un jour \u00e0 la fois, dans un esprit joyeux, la paix divine est \u00e0 port\u00e9e de nous. Elle est l\u00e0 et elle nous attend.","og_url":"https:\/\/www.stpierrepinguet.org\/wp\/sermons\/mon-dieu-merci-pour-ta-paix\/","og_site_name":"&Eacute;glise Unie St-Pierre et Pinguet","article_publisher":"https:\/\/www.facebook.com\/stpierreetpinguet\/","article_modified_time":"2020-10-12T16:44:46+00:00","og_image":[{"width":1280,"height":1069,"url":"https:\/\/www.stpierrepinguet.org\/wp\/wp-content\/uploads\/2020\/10\/colorful-1325198_12801.jpg","type":"image\/jpeg"}],"twitter_card":"summary_large_image","twitter_misc":{"Dur\u00e9e de lecture estim\u00e9e":"7 minutes"},"schema":{"@context":"https:\/\/schema.org","@graph":[{"@type":"WebPage","@id":"https:\/\/www.stpierrepinguet.org\/wp\/sermons\/mon-dieu-merci-pour-ta-paix\/","url":"https:\/\/www.stpierrepinguet.org\/wp\/sermons\/mon-dieu-merci-pour-ta-paix\/","name":"Mon Dieu, merci pour ta paix !","isPartOf":{"@id":"https:\/\/www.stpierrepinguet.org\/wp\/#website"},"primaryImageOfPage":{"@id":"https:\/\/www.stpierrepinguet.org\/wp\/sermons\/mon-dieu-merci-pour-ta-paix\/#primaryimage"},"image":{"@id":"https:\/\/www.stpierrepinguet.org\/wp\/sermons\/mon-dieu-merci-pour-ta-paix\/#primaryimage"},"thumbnailUrl":"https:\/\/www.stpierrepinguet.org\/wp\/wp-content\/uploads\/2020\/10\/colorful-1325198_12801.jpg","datePublished":"2020-10-11T15:30:40+00:00","dateModified":"2020-10-12T16:44:46+00:00","description":"C\u2019est pour ces moments de grande paix int\u00e9rieure et de lumi\u00e8re que nous rendons gr\u00e2ce aujourd\u2019hui. Malgr\u00e9 les malgr\u00e9s, en ces temps de pand\u00e9mie, de souffrances, d\u2019isolement, de deuils et de projets remis en question.Nous savons qu\u2019en poursuivant notre \u0153uvre d\u2019amour ensemble, un jour \u00e0 la fois, dans un esprit joyeux, la paix divine est \u00e0 port\u00e9e de nous. Elle est l\u00e0 et elle nous attend.","breadcrumb":{"@id":"https:\/\/www.stpierrepinguet.org\/wp\/sermons\/mon-dieu-merci-pour-ta-paix\/#breadcrumb"},"inLanguage":"fr-FR","potentialAction":[{"@type":"ReadAction","target":["https:\/\/www.stpierrepinguet.org\/wp\/sermons\/mon-dieu-merci-pour-ta-paix\/"]}]},{"@type":"ImageObject","inLanguage":"fr-FR","@id":"https:\/\/www.stpierrepinguet.org\/wp\/sermons\/mon-dieu-merci-pour-ta-paix\/#primaryimage","url":"https:\/\/www.stpierrepinguet.org\/wp\/wp-content\/uploads\/2020\/10\/colorful-1325198_12801.jpg","contentUrl":"https:\/\/www.stpierrepinguet.org\/wp\/wp-content\/uploads\/2020\/10\/colorful-1325198_12801.jpg","width":1280,"height":1069},{"@type":"BreadcrumbList","@id":"https:\/\/www.stpierrepinguet.org\/wp\/sermons\/mon-dieu-merci-pour-ta-paix\/#breadcrumb","itemListElement":[{"@type":"ListItem","position":1,"name":"Accueil","item":"https:\/\/www.stpierrepinguet.org\/wp\/"},{"@type":"ListItem","position":2,"name":"Multimedias","item":"https:\/\/www.stpierrepinguet.org\/wp\/sermons\/"},{"@type":"ListItem","position":3,"name":"Mon Dieu, merci pour ta paix !"}]},{"@type":"WebSite","@id":"https:\/\/www.stpierrepinguet.org\/wp\/#website","url":"https:\/\/www.stpierrepinguet.org\/wp\/","name":"&Eacute;glise Unie St-Pierre et Pinguet","description":"Une communaut&eacute; chr&eacute;tienne protestante et inclusive","publisher":{"@id":"https:\/\/www.stpierrepinguet.org\/wp\/#organization"},"potentialAction":[{"@type":"SearchAction","target":{"@type":"EntryPoint","urlTemplate":"https:\/\/www.stpierrepinguet.org\/wp\/?s={search_term_string}"},"query-input":{"@type":"PropertyValueSpecification","valueRequired":true,"valueName":"search_term_string"}}],"inLanguage":"fr-FR"},{"@type":"Organization","@id":"https:\/\/www.stpierrepinguet.org\/wp\/#organization","name":"Eglise Unie St-Pierre et Pinguet","url":"https:\/\/www.stpierrepinguet.org\/wp\/","logo":{"@type":"ImageObject","inLanguage":"fr-FR","@id":"https:\/\/www.stpierrepinguet.org\/wp\/#\/schema\/logo\/image\/","url":"https:\/\/www.stpierrepinguet.org\/wp\/wp-content\/uploads\/2014\/02\/new_logo.png","contentUrl":"https:\/\/www.stpierrepinguet.org\/wp\/wp-content\/uploads\/2014\/02\/new_logo.png","width":381,"height":604,"caption":"Eglise Unie St-Pierre et Pinguet"},"image":{"@id":"https:\/\/www.stpierrepinguet.org\/wp\/#\/schema\/logo\/image\/"},"sameAs":["https:\/\/www.facebook.com\/stpierreetpinguet\/","https:\/\/www.youtube.com\/channel\/UCoV9MPsvZCrrMSz3SxSW6iA"]}]}},"_links":{"self":[{"href":"https:\/\/www.stpierrepinguet.org\/wp\/wp-json\/wp\/v2\/ctc_sermon\/8195","targetHints":{"allow":["GET"]}}],"collection":[{"href":"https:\/\/www.stpierrepinguet.org\/wp\/wp-json\/wp\/v2\/ctc_sermon"}],"about":[{"href":"https:\/\/www.stpierrepinguet.org\/wp\/wp-json\/wp\/v2\/types\/ctc_sermon"}],"author":[{"embeddable":true,"href":"https:\/\/www.stpierrepinguet.org\/wp\/wp-json\/wp\/v2\/users\/1"}],"replies":[{"embeddable":true,"href":"https:\/\/www.stpierrepinguet.org\/wp\/wp-json\/wp\/v2\/comments?post=8195"}],"version-history":[{"count":0,"href":"https:\/\/www.stpierrepinguet.org\/wp\/wp-json\/wp\/v2\/ctc_sermon\/8195\/revisions"}],"wp:featuredmedia":[{"embeddable":true,"href":"https:\/\/www.stpierrepinguet.org\/wp\/wp-json\/wp\/v2\/media\/8196"}],"wp:attachment":[{"href":"https:\/\/www.stpierrepinguet.org\/wp\/wp-json\/wp\/v2\/media?parent=8195"}],"wp:term":[{"taxonomy":"ctc_sermon_topic","embeddable":true,"href":"https:\/\/www.stpierrepinguet.org\/wp\/wp-json\/wp\/v2\/ctc_sermon_topic?post=8195"},{"taxonomy":"ctc_sermon_book","embeddable":true,"href":"https:\/\/www.stpierrepinguet.org\/wp\/wp-json\/wp\/v2\/ctc_sermon_book?post=8195"},{"taxonomy":"ctc_sermon_series","embeddable":true,"href":"https:\/\/www.stpierrepinguet.org\/wp\/wp-json\/wp\/v2\/ctc_sermon_series?post=8195"},{"taxonomy":"ctc_sermon_speaker","embeddable":true,"href":"https:\/\/www.stpierrepinguet.org\/wp\/wp-json\/wp\/v2\/ctc_sermon_speaker?post=8195"},{"taxonomy":"ctc_sermon_tag","embeddable":true,"href":"https:\/\/www.stpierrepinguet.org\/wp\/wp-json\/wp\/v2\/ctc_sermon_tag?post=8195"}],"curies":[{"name":"wp","href":"https:\/\/api.w.org\/{rel}","templated":true}]}}