{"id":7631,"date":"2019-11-24T17:43:56","date_gmt":"2019-11-24T22:43:56","guid":{"rendered":"https:\/\/www.stpierrepinguet.org\/wp\/?post_type=ctc_sermon&#038;p=7631"},"modified":"2019-11-24T17:49:38","modified_gmt":"2019-11-24T22:49:38","slug":"les-nuits-sont-enceintes","status":"publish","type":"ctc_sermon","link":"https:\/\/www.stpierrepinguet.org\/wp\/sermons\/les-nuits-sont-enceintes\/","title":{"rendered":"Les nuits sont enceintes"},"content":{"rendered":"<p class=\"western\" align=\"left\">Il est de tradition, dans les \u00c9glises historiques, de consacrer le dernier dimanche de l&rsquo;ann\u00e9e liturgique \u00e0 un regard vers l&rsquo;avenir, vers ce qu&rsquo;on appelle souvent \u00ab\u00a0la fin des temps\u00a0\u00bb ou \u00ab\u00a0la fin du monde\u00a0\u00bb. On choisit alors des textes bibliques g\u00e9n\u00e9ralement peu fr\u00e9quent\u00e9s qui parlent non seulement de la destruction de J\u00e9rusalem, mais en plus de bouleversements et de catastrophes cosmiques comme pr\u00e9lude au jugement dernier. Il me vient alors souvent \u00e0 l&rsquo;esprit ce titre d&rsquo;un film paru il y a exactement 50 ans cette semaine\u00a0: \u00ab\u00a0\u00c0 soir on fait peur au monde.\u00a0\u00bb<\/p>\n<p class=\"western\" align=\"left\">Et pourtant&#8230; J&rsquo;esp\u00e8re que vous avez bien remarqu\u00e9 le ton positif des paroles de J\u00e9sus\u00a0: \u00ab\u00a0Quand ces \u00e9v\u00e9nements commenceront \u00e0 se produire, redressez-vous et relevez la t\u00eate, car votre d\u00e9livrance est proche.\u00a0\u00bb Oui, vous avez bien entendu\u00a0: \u00ab\u00a0Quand ces \u00e9v\u00e9nements commenceront \u00e0 se produire, redressez-vous et relevez la t\u00eate, car votre d\u00e9livrance est proche.\u00a0\u00bb<\/p>\n<table style=\"border-color: #000000;\" border=\"1\">\n<tbody>\n<tr>\n<td>\n<h5 style=\"text-align: center;\"><em>Les extraits de la Bible inspirant cette r\u00e9flexion sont donn\u00e9s \u00e0 la toute fin de la pr\u00e9dication. Vous pouvez cliquer sur les liens pour lire les extraits.<\/em><\/h5>\n<\/td>\n<\/tr>\n<\/tbody>\n<\/table>\n<p class=\"western\" lang=\"fr-CA\">Le temps qui vient, J\u00e9sus ne le compare pas \u00e0 un hiver rigoureux o\u00f9 tout ce qui vit semble se figer dans la mort; il le compare \u00e0 l&rsquo;\u00e9t\u00e9 palestinien, \u00e0 la saison tant attendue du bien-\u00eatre et de l&rsquo;abondance. L\u00e0 o\u00f9 les malheurs du monde nous portent au d\u00e9sarroi, J\u00e9sus nous invite \u00e0 entrer plut\u00f4t dans l&rsquo;esp\u00e9rance.<\/p>\n<p class=\"western\" align=\"left\">Alors, comment entrer dans l&rsquo;esp\u00e9rance qui animait J\u00e9sus? Comment, surtout, s&rsquo;y tenir au regard de tant d&rsquo;incertitude planant sur l&rsquo;avenir?<\/p>\n<p class=\"western\" align=\"left\">Aujourd&rsquo;hui comme au premier si\u00e8cle, il y a des invasions militaires, des tremblements de terre, des famines et des \u00e9pid\u00e9mies (Luc <b>21<\/b> 10-11). Mais il y a aussi d&rsquo;autres \u00ab\u00a0faits terrifiants\u00a0\u00bb (Luc <b>21<\/b> 11)\u00a0: les effets des changements climatiques, la mont\u00e9e des eaux, par exemple, comme nous venons de le voir \u00e0 <span style=\"color: #000080;\"><span lang=\"zxx\"><u><a href=\"https:\/\/www.franceinter.fr\/environnement\/dix-photos-des-marees-historiques-et-des-inondations-dramatiques-qui-touchent-venise\" target=\"_blank\" rel=\"noopener noreferrer\">Venise<\/a><\/u><\/span><\/span> et dont une \u00e9tude nous r\u00e9v\u00e9lait r\u00e9cemment qu&rsquo;elles finiraient par recouvrir toute une partie de notre <span style=\"color: #000080;\"><span lang=\"zxx\"><u><a href=\"https:\/\/ici.radio-canada.ca\/nouvelle\/1381957\/quartiers-quebec-submerges-2030-projections-surestimees\" target=\"_blank\" rel=\"noopener noreferrer\">ville<\/a><\/u><\/span><\/span> dans quelques d\u00e9cennies. Parmi d&rsquo;autres \u00ab\u00a0faits terrifiants\u00a0\u00bb, il y a encore l&rsquo;intensification des migrations forc\u00e9es par les changements climatiques en plus de celles provoqu\u00e9es par la violence militaire ou politique; il y a le lent effritement de la libert\u00e9 d&rsquo;expression, \u00e0 quoi on pourrait ajouter l&rsquo;affaiblissement de l&rsquo;esprit de dialogue, l&rsquo;\u00e9largissement du foss\u00e9 entre les grandes villes et les r\u00e9gions, l&rsquo;accroissement ind\u00e9cent des \u00e9carts entre la r\u00e9mun\u00e9ration d&rsquo;une poign\u00e9e de privil\u00e9gi\u00e9s et celle de l&rsquo;immense majorit\u00e9 des humains, et tant d&rsquo;autres sources d&rsquo;inqui\u00e9tude, voire de d\u00e9prime et de cynisme.<\/p>\n<p class=\"western\" align=\"left\">Comme citoyens, mais aussi comme chr\u00e9tiens, nous sommes appel\u00e9s \u00e0 r\u00e9sister \u00e0 la tentation de d\u00e9tourner le regard et nous voiler la face. Il faut savoir regarder la r\u00e9alit\u00e9 telle qu&rsquo;elle est, aussi mena\u00e7ante soit-elle. Mais dans le m\u00eame temps, nous sommes appel\u00e9s \u00e0 ne pas perdre confiance en l&rsquo;avenir. En un mot, \u00e0 cultiver l&rsquo;esp\u00e9rance.<\/p>\n<p class=\"western\" align=\"left\">Je reprends ma double question\u00a0: comment entrer dans l&rsquo;esp\u00e9rance qui animait J\u00e9sus? Comment, surtout, s&rsquo;y tenir au regard de tant d&rsquo;incertitude planant sur l&rsquo;avenir?<\/p>\n<p class=\"western\" align=\"left\">Nous avons deux motifs de le faire. Nous partageons le premier avec tous les humains, et le second tient \u00e0 notre foi comme disciples de J\u00e9sus.<\/p>\n<p class=\"western\" align=\"left\">On peut d&rsquo;abord se rappeler, avec le philosophe Edgar <span style=\"color: #000080;\"><span lang=\"zxx\">Morin<\/span><\/span>, que \u00ab\u00a0le probable n&rsquo;est pas certain et souvent c&rsquo;est l&rsquo;inattendu qui advient.\u00a0\u00bb L&rsquo;histoire humaine, m\u00eame r\u00e9cente, est pleine d&rsquo;\u00e9v\u00e9nements impr\u00e9vus qui ont modifi\u00e9 subitement et profond\u00e9ment le cours de l&rsquo;histoire. Le rappel r\u00e9cent de la chute du mur de Berlin illustre parfaitement ce propos, mais on pourrait mentionner les attaques du 11 septembre 2001 ou l&rsquo;\u00e9lection du pr\u00e9sident Trump\u00a0: ce sont l\u00e0 des faits que m\u00eame quelques mois avant leur occurrence absolument personne n&rsquo;avait pu imaginer. Prenons un exemple plus lointain\u00a0: qui aurait cru que les 14e et 15e si\u00e8cles en Europe, marqu\u00e9s par la peste, les famines et la Guerre de Cent ans, allaient donner naissance \u00e0 ce qu&rsquo;on a appel\u00e9, justement, la Renaissance?<\/p>\n<p class=\"western\" align=\"left\">Dans les moments sombres de l&rsquo;histoire o\u00f9 le futur se pr\u00e9sence sous un jour mena\u00e7ant, il nous est difficile, parce que notre vie et donc notre vision sont tr\u00e8s courtes, de cultiver l&rsquo;esp\u00e9rance en l&rsquo;avenir. C&rsquo;est pourtant notre grandeur comme \u00eatre humains que cette capacit\u00e9 que nous avons de pressentir les promesses de l&rsquo;avenir. C&rsquo;est cela qu&rsquo;enseignent \u00e0 leur mani\u00e8re le proverbe africain selon lequel \u00ab\u00a0l&rsquo;arbre qui tombe fait plus de bruit que la for\u00eat qui pousse\u00a0\u00bb, et le proverbe turc qui dit que \u00ab\u00a0les nuits sont enceintes et nul ne conna\u00eet le jour qui na\u00eetra.\u00a0\u00bb<\/p>\n<p class=\"western\" align=\"left\">\u266b<\/p>\n<p class=\"western\" align=\"left\">Le th\u00e8me de l&rsquo;ouverture de l&rsquo;histoire humaine, m\u00eame quand elle est plong\u00e9e dans les crises les plus sombres, re\u00e7oit un \u00e9clairage lumineux dans l&rsquo;exp\u00e9rience religieuse. D\u00e9j\u00e0 le grand dramaturge grec Euripide faisait dire \u00e0 un de ses personnages, dans M\u00e9d\u00e9e\u00a0: \u00ab\u00a0Les dieux nous r\u00e9servent bien des surprises. L&rsquo;attendu ne s&rsquo;accomplit pas et \u00e0 l&rsquo;inattendu un dieu ouvre la voie.\u00a0\u00bb<\/p>\n<p class=\"western\" align=\"left\">Alors que dirons-nous de la tradition biblique? \u00ab\u00a0Assur\u00e9ment, lisons-nous au Livre des Proverbes, il y a un avenir, et ton esp\u00e9rance ne sera pas fauch\u00e9e (<b>23<\/b> 18). Pour les juifs et les chr\u00e9tiens, Dieu est intimement pr\u00e9sent au monde et \u00e0 l&rsquo;histoire humaine, <i>Immanou-el<\/i>, comme nous le chanterons \u00e0 No\u00ebl. Et cette pr\u00e9sence n&rsquo;est ni statique, ni froidement indiff\u00e9rente. C&rsquo;est une pr\u00e9sence active. Une pr\u00e9sence cr\u00e9atrice, comme nous le confessons dans notre profession de foi\u00a0: \u00ab\u00a0il cr\u00e9e et continue de cr\u00e9er, il agit en nous et parmi nous par son Esprit&#8230; Nous ne sommes pas seuls\u00a0: Dieu est avec nous\u00a0\u00bb<\/p>\n<p class=\"western\" align=\"left\">Pour nous, chr\u00e9tiens, comme pour les juifs, c&rsquo;est dans un acte de donner, et de se donner, que Dieu est pr\u00e9sent. Et ce n&rsquo;est jamais la mort, mais toujours la vie qu&rsquo;il donne. Notre Dieu est encore un Dieu qui parle, et quand il parle, il promet. Et ce qu&rsquo;il promet, ce n&rsquo;est jamais la mort, c&rsquo;est toujours la vie, m\u00eame au-del\u00e0 de la mort. Cela va de la premi\u00e8re promesse, celle adress\u00e9e \u00e0 Abraham (Gen\u00e8se 12 2-3), \u00e0 la derni\u00e8re parole que J\u00e9sus adresse \u00e0 quelqu&rsquo;un dans l&rsquo;\u00e9vangile de Luc\u00a0: \u00ab\u00a0Aujourd&rsquo;hui , tu seras avec moi dans le paradis\u00a0\u00bb (<b>23<\/b> 43), alors que de son c\u00f4t\u00e9, c&rsquo;est sur une autre promesse que s&rsquo;ach\u00e8ve l&rsquo;\u00e9vangile de Matthieu\u00a0: \u00ab\u00a0Je suis avec vous tous les jours jusqu&rsquo;\u00e0 la fin des temps\u00a0\u00bb (<b>28<\/b> 20).<\/p>\n<p class=\"western\" align=\"left\">T\u00e9moigner de la promesse et en vivre dans la joie et la confiance alors que la temp\u00eate approche ou se d\u00e9cha\u00eene\u00a0: voil\u00e0 le service que peuvent rendre \u00e0 une soci\u00e9t\u00e9 inqui\u00e8te des communaut\u00e9s de foi et d&rsquo;esp\u00e9rance comme la n\u00f4tre. Je suis frapp\u00e9 de ce que dans les huit versets du chapitre 15 de la Lettre aux Romains que nous avons lus tout \u00e0 l&rsquo;heure, on trouve deux mentions de la pers\u00e9v\u00e9rance, deux de la consolation et trois de l&rsquo;esp\u00e9rance. Notre d\u00e9fi dans notre \u00e9poque troubl\u00e9e, c&rsquo;est de nous soutenir les uns les autres dans une v\u00e9ritable sollicitude mutuelle. La communaut\u00e9 chr\u00e9tienne, m\u00eame toute petite, peut se d\u00e9marquer en vivant dans la pers\u00e9v\u00e9rance plut\u00f4t que le d\u00e9couragement, la consolation plut\u00f4t que l&rsquo;abattement, la joie et la paix dans la foi plut\u00f4t que l&rsquo;inqui\u00e9tude paralysante, et ce, sans jamais se d\u00e9partir de sa lucidit\u00e9 et de son enracinement dans un pr\u00e9sent au futur mena\u00e7ant.<\/p>\n<p class=\"western\" align=\"left\">Ne serait-ce pas cela, \u00eatre sel pour la terre et lumi\u00e8re pour le monde (Matthieu <b>5<\/b> 13-16)?<\/p>\n<p>&nbsp;<\/p>\n<h2 class=\"western\" style=\"text-align: center;\" align=\"left\"><b>LECTURES BIBLIQUES<\/b><\/h2>\n<p class=\"western\" style=\"text-align: center;\" align=\"left\"><a href=\"https:\/\/lire.la-bible.net\/lecture\/romains\/15\/1-13\/?_open=true\" target=\"_blank\" rel=\"noopener noreferrer\"><u>Romains 15, 1-7 et 13<\/u><\/a><\/p>\n<p class=\"western\" style=\"text-align: center;\" align=\"left\"><a href=\"https:\/\/lire.la-bible.net\/lecture\/luc\/21\/25-33\/?_open=true\" target=\"_blank\" rel=\"noopener noreferrer\"><u>Luc 21,<b> <\/b>25-33<\/u><\/a><\/p>\n<p align=\"left\"><span style=\"font-size: xx-small;\">Photo : P.-A.G.<\/span><\/p>\n","protected":false},"excerpt":{"rendered":"<p>Il est de tradition, dans les \u00c9glises historiques, de consacrer le dernier dimanche de l&rsquo;ann\u00e9e liturgique \u00e0 un regard vers l&rsquo;avenir, vers ce qu&rsquo;on appelle souvent \u00ab\u00a0la fin des temps\u00a0\u00bb ou \u00ab\u00a0la fin du monde\u00a0\u00bb. On choisit alors des textes bibliques g\u00e9n\u00e9ralement peu fr\u00e9quent\u00e9s qui parlent non seulement de la destruction de J\u00e9rusalem, mais en&hellip;<\/p>\n","protected":false},"author":1,"featured_media":7635,"comment_status":"open","ping_status":"closed","template":"","ctc_sermon_topic":[583,264,584,444,571,585,586],"ctc_sermon_book":[213,233],"ctc_sermon_series":[],"ctc_sermon_speaker":[209],"ctc_sermon_tag":[],"class_list":["post-7631","ctc_sermon","type-ctc_sermon","status-publish","has-post-thumbnail","hentry","ctc_sermon_topic-avenir","ctc_sermon_topic-esperance","ctc_sermon_topic-esperer","ctc_sermon_topic-paul-andregiguere","ctc_sermon_topic-perseverance","ctc_sermon_topic-perseverer","ctc_sermon_topic-protestants","ctc_sermon_book-luc","ctc_sermon_book-romains","ctc_sermon_speaker-paul-andre-giguere","ctfw-has-image"],"yoast_head":"<!-- This site is optimized with the Yoast SEO plugin v27.4 - https:\/\/yoast.com\/product\/yoast-seo-wordpress\/ -->\n<title>Les nuits sont enceintes - &Eacute;glise Unie St-Pierre et Pinguet<\/title>\n<meta name=\"robots\" content=\"index, follow, max-snippet:-1, max-image-preview:large, max-video-preview:-1\" \/>\n<link rel=\"canonical\" href=\"https:\/\/www.stpierrepinguet.org\/wp\/sermons\/les-nuits-sont-enceintes\/\" \/>\n<meta property=\"og:locale\" content=\"fr_FR\" \/>\n<meta property=\"og:type\" content=\"article\" \/>\n<meta property=\"og:title\" content=\"Les nuits sont enceintes - &Eacute;glise Unie St-Pierre et Pinguet\" \/>\n<meta property=\"og:description\" content=\"Il est de tradition, dans les \u00c9glises historiques, de consacrer le dernier dimanche de l&rsquo;ann\u00e9e liturgique \u00e0 un regard vers l&rsquo;avenir, vers ce qu&rsquo;on appelle souvent \u00ab\u00a0la fin des temps\u00a0\u00bb ou \u00ab\u00a0la fin du monde\u00a0\u00bb. On choisit alors des textes bibliques g\u00e9n\u00e9ralement peu fr\u00e9quent\u00e9s qui parlent non seulement de la destruction de J\u00e9rusalem, mais en&hellip;\" \/>\n<meta property=\"og:url\" content=\"https:\/\/www.stpierrepinguet.org\/wp\/sermons\/les-nuits-sont-enceintes\/\" \/>\n<meta property=\"og:site_name\" content=\"&Eacute;glise Unie St-Pierre et Pinguet\" \/>\n<meta property=\"article:publisher\" content=\"https:\/\/www.facebook.com\/stpierreetpinguet\/\" \/>\n<meta property=\"article:modified_time\" content=\"2019-11-24T22:49:38+00:00\" \/>\n<meta property=\"og:image\" content=\"https:\/\/www.stpierrepinguet.org\/wp\/wp-content\/uploads\/2019\/11\/nuitsEnceintes.jpg\" \/>\n\t<meta property=\"og:image:width\" content=\"1524\" \/>\n\t<meta property=\"og:image:height\" content=\"733\" \/>\n\t<meta property=\"og:image:type\" content=\"image\/jpeg\" \/>\n<meta name=\"twitter:card\" content=\"summary_large_image\" \/>\n<meta name=\"twitter:label1\" content=\"Dur\u00e9e de lecture estim\u00e9e\" \/>\n\t<meta name=\"twitter:data1\" content=\"7 minutes\" \/>\n<script type=\"application\/ld+json\" class=\"yoast-schema-graph\">{\"@context\":\"https:\\\/\\\/schema.org\",\"@graph\":[{\"@type\":\"WebPage\",\"@id\":\"https:\\\/\\\/www.stpierrepinguet.org\\\/wp\\\/sermons\\\/les-nuits-sont-enceintes\\\/\",\"url\":\"https:\\\/\\\/www.stpierrepinguet.org\\\/wp\\\/sermons\\\/les-nuits-sont-enceintes\\\/\",\"name\":\"Les nuits sont enceintes - &Eacute;glise Unie St-Pierre et Pinguet\",\"isPartOf\":{\"@id\":\"https:\\\/\\\/www.stpierrepinguet.org\\\/wp\\\/#website\"},\"primaryImageOfPage\":{\"@id\":\"https:\\\/\\\/www.stpierrepinguet.org\\\/wp\\\/sermons\\\/les-nuits-sont-enceintes\\\/#primaryimage\"},\"image\":{\"@id\":\"https:\\\/\\\/www.stpierrepinguet.org\\\/wp\\\/sermons\\\/les-nuits-sont-enceintes\\\/#primaryimage\"},\"thumbnailUrl\":\"https:\\\/\\\/www.stpierrepinguet.org\\\/wp\\\/wp-content\\\/uploads\\\/2019\\\/11\\\/nuitsEnceintes.jpg\",\"datePublished\":\"2019-11-24T22:43:56+00:00\",\"dateModified\":\"2019-11-24T22:49:38+00:00\",\"breadcrumb\":{\"@id\":\"https:\\\/\\\/www.stpierrepinguet.org\\\/wp\\\/sermons\\\/les-nuits-sont-enceintes\\\/#breadcrumb\"},\"inLanguage\":\"fr-FR\",\"potentialAction\":[{\"@type\":\"ReadAction\",\"target\":[\"https:\\\/\\\/www.stpierrepinguet.org\\\/wp\\\/sermons\\\/les-nuits-sont-enceintes\\\/\"]}]},{\"@type\":\"ImageObject\",\"inLanguage\":\"fr-FR\",\"@id\":\"https:\\\/\\\/www.stpierrepinguet.org\\\/wp\\\/sermons\\\/les-nuits-sont-enceintes\\\/#primaryimage\",\"url\":\"https:\\\/\\\/www.stpierrepinguet.org\\\/wp\\\/wp-content\\\/uploads\\\/2019\\\/11\\\/nuitsEnceintes.jpg\",\"contentUrl\":\"https:\\\/\\\/www.stpierrepinguet.org\\\/wp\\\/wp-content\\\/uploads\\\/2019\\\/11\\\/nuitsEnceintes.jpg\",\"width\":1524,\"height\":733},{\"@type\":\"BreadcrumbList\",\"@id\":\"https:\\\/\\\/www.stpierrepinguet.org\\\/wp\\\/sermons\\\/les-nuits-sont-enceintes\\\/#breadcrumb\",\"itemListElement\":[{\"@type\":\"ListItem\",\"position\":1,\"name\":\"Accueil\",\"item\":\"https:\\\/\\\/www.stpierrepinguet.org\\\/wp\\\/\"},{\"@type\":\"ListItem\",\"position\":2,\"name\":\"Multimedias\",\"item\":\"https:\\\/\\\/www.stpierrepinguet.org\\\/wp\\\/sermons\\\/\"},{\"@type\":\"ListItem\",\"position\":3,\"name\":\"Les nuits sont enceintes\"}]},{\"@type\":\"WebSite\",\"@id\":\"https:\\\/\\\/www.stpierrepinguet.org\\\/wp\\\/#website\",\"url\":\"https:\\\/\\\/www.stpierrepinguet.org\\\/wp\\\/\",\"name\":\"&Eacute;glise Unie St-Pierre et Pinguet\",\"description\":\"Une communaut&eacute; chr&eacute;tienne protestante et inclusive\",\"publisher\":{\"@id\":\"https:\\\/\\\/www.stpierrepinguet.org\\\/wp\\\/#organization\"},\"potentialAction\":[{\"@type\":\"SearchAction\",\"target\":{\"@type\":\"EntryPoint\",\"urlTemplate\":\"https:\\\/\\\/www.stpierrepinguet.org\\\/wp\\\/?s={search_term_string}\"},\"query-input\":{\"@type\":\"PropertyValueSpecification\",\"valueRequired\":true,\"valueName\":\"search_term_string\"}}],\"inLanguage\":\"fr-FR\"},{\"@type\":\"Organization\",\"@id\":\"https:\\\/\\\/www.stpierrepinguet.org\\\/wp\\\/#organization\",\"name\":\"Eglise Unie St-Pierre et Pinguet\",\"url\":\"https:\\\/\\\/www.stpierrepinguet.org\\\/wp\\\/\",\"logo\":{\"@type\":\"ImageObject\",\"inLanguage\":\"fr-FR\",\"@id\":\"https:\\\/\\\/www.stpierrepinguet.org\\\/wp\\\/#\\\/schema\\\/logo\\\/image\\\/\",\"url\":\"https:\\\/\\\/www.stpierrepinguet.org\\\/wp\\\/wp-content\\\/uploads\\\/2014\\\/02\\\/new_logo.png\",\"contentUrl\":\"https:\\\/\\\/www.stpierrepinguet.org\\\/wp\\\/wp-content\\\/uploads\\\/2014\\\/02\\\/new_logo.png\",\"width\":381,\"height\":604,\"caption\":\"Eglise Unie St-Pierre et Pinguet\"},\"image\":{\"@id\":\"https:\\\/\\\/www.stpierrepinguet.org\\\/wp\\\/#\\\/schema\\\/logo\\\/image\\\/\"},\"sameAs\":[\"https:\\\/\\\/www.facebook.com\\\/stpierreetpinguet\\\/\",\"https:\\\/\\\/www.youtube.com\\\/channel\\\/UCoV9MPsvZCrrMSz3SxSW6iA\"]}]}<\/script>\n<!-- \/ Yoast SEO plugin. -->","yoast_head_json":{"title":"Les nuits sont enceintes - &Eacute;glise Unie St-Pierre et Pinguet","robots":{"index":"index","follow":"follow","max-snippet":"max-snippet:-1","max-image-preview":"max-image-preview:large","max-video-preview":"max-video-preview:-1"},"canonical":"https:\/\/www.stpierrepinguet.org\/wp\/sermons\/les-nuits-sont-enceintes\/","og_locale":"fr_FR","og_type":"article","og_title":"Les nuits sont enceintes - &Eacute;glise Unie St-Pierre et Pinguet","og_description":"Il est de tradition, dans les \u00c9glises historiques, de consacrer le dernier dimanche de l&rsquo;ann\u00e9e liturgique \u00e0 un regard vers l&rsquo;avenir, vers ce qu&rsquo;on appelle souvent \u00ab\u00a0la fin des temps\u00a0\u00bb ou \u00ab\u00a0la fin du monde\u00a0\u00bb. On choisit alors des textes bibliques g\u00e9n\u00e9ralement peu fr\u00e9quent\u00e9s qui parlent non seulement de la destruction de J\u00e9rusalem, mais en&hellip;","og_url":"https:\/\/www.stpierrepinguet.org\/wp\/sermons\/les-nuits-sont-enceintes\/","og_site_name":"&Eacute;glise Unie St-Pierre et Pinguet","article_publisher":"https:\/\/www.facebook.com\/stpierreetpinguet\/","article_modified_time":"2019-11-24T22:49:38+00:00","og_image":[{"width":1524,"height":733,"url":"https:\/\/www.stpierrepinguet.org\/wp\/wp-content\/uploads\/2019\/11\/nuitsEnceintes.jpg","type":"image\/jpeg"}],"twitter_card":"summary_large_image","twitter_misc":{"Dur\u00e9e de lecture estim\u00e9e":"7 minutes"},"schema":{"@context":"https:\/\/schema.org","@graph":[{"@type":"WebPage","@id":"https:\/\/www.stpierrepinguet.org\/wp\/sermons\/les-nuits-sont-enceintes\/","url":"https:\/\/www.stpierrepinguet.org\/wp\/sermons\/les-nuits-sont-enceintes\/","name":"Les nuits sont enceintes - &Eacute;glise Unie St-Pierre et Pinguet","isPartOf":{"@id":"https:\/\/www.stpierrepinguet.org\/wp\/#website"},"primaryImageOfPage":{"@id":"https:\/\/www.stpierrepinguet.org\/wp\/sermons\/les-nuits-sont-enceintes\/#primaryimage"},"image":{"@id":"https:\/\/www.stpierrepinguet.org\/wp\/sermons\/les-nuits-sont-enceintes\/#primaryimage"},"thumbnailUrl":"https:\/\/www.stpierrepinguet.org\/wp\/wp-content\/uploads\/2019\/11\/nuitsEnceintes.jpg","datePublished":"2019-11-24T22:43:56+00:00","dateModified":"2019-11-24T22:49:38+00:00","breadcrumb":{"@id":"https:\/\/www.stpierrepinguet.org\/wp\/sermons\/les-nuits-sont-enceintes\/#breadcrumb"},"inLanguage":"fr-FR","potentialAction":[{"@type":"ReadAction","target":["https:\/\/www.stpierrepinguet.org\/wp\/sermons\/les-nuits-sont-enceintes\/"]}]},{"@type":"ImageObject","inLanguage":"fr-FR","@id":"https:\/\/www.stpierrepinguet.org\/wp\/sermons\/les-nuits-sont-enceintes\/#primaryimage","url":"https:\/\/www.stpierrepinguet.org\/wp\/wp-content\/uploads\/2019\/11\/nuitsEnceintes.jpg","contentUrl":"https:\/\/www.stpierrepinguet.org\/wp\/wp-content\/uploads\/2019\/11\/nuitsEnceintes.jpg","width":1524,"height":733},{"@type":"BreadcrumbList","@id":"https:\/\/www.stpierrepinguet.org\/wp\/sermons\/les-nuits-sont-enceintes\/#breadcrumb","itemListElement":[{"@type":"ListItem","position":1,"name":"Accueil","item":"https:\/\/www.stpierrepinguet.org\/wp\/"},{"@type":"ListItem","position":2,"name":"Multimedias","item":"https:\/\/www.stpierrepinguet.org\/wp\/sermons\/"},{"@type":"ListItem","position":3,"name":"Les nuits sont enceintes"}]},{"@type":"WebSite","@id":"https:\/\/www.stpierrepinguet.org\/wp\/#website","url":"https:\/\/www.stpierrepinguet.org\/wp\/","name":"&Eacute;glise Unie St-Pierre et Pinguet","description":"Une communaut&eacute; chr&eacute;tienne protestante et inclusive","publisher":{"@id":"https:\/\/www.stpierrepinguet.org\/wp\/#organization"},"potentialAction":[{"@type":"SearchAction","target":{"@type":"EntryPoint","urlTemplate":"https:\/\/www.stpierrepinguet.org\/wp\/?s={search_term_string}"},"query-input":{"@type":"PropertyValueSpecification","valueRequired":true,"valueName":"search_term_string"}}],"inLanguage":"fr-FR"},{"@type":"Organization","@id":"https:\/\/www.stpierrepinguet.org\/wp\/#organization","name":"Eglise Unie St-Pierre et Pinguet","url":"https:\/\/www.stpierrepinguet.org\/wp\/","logo":{"@type":"ImageObject","inLanguage":"fr-FR","@id":"https:\/\/www.stpierrepinguet.org\/wp\/#\/schema\/logo\/image\/","url":"https:\/\/www.stpierrepinguet.org\/wp\/wp-content\/uploads\/2014\/02\/new_logo.png","contentUrl":"https:\/\/www.stpierrepinguet.org\/wp\/wp-content\/uploads\/2014\/02\/new_logo.png","width":381,"height":604,"caption":"Eglise Unie St-Pierre et Pinguet"},"image":{"@id":"https:\/\/www.stpierrepinguet.org\/wp\/#\/schema\/logo\/image\/"},"sameAs":["https:\/\/www.facebook.com\/stpierreetpinguet\/","https:\/\/www.youtube.com\/channel\/UCoV9MPsvZCrrMSz3SxSW6iA"]}]}},"_links":{"self":[{"href":"https:\/\/www.stpierrepinguet.org\/wp\/wp-json\/wp\/v2\/ctc_sermon\/7631","targetHints":{"allow":["GET"]}}],"collection":[{"href":"https:\/\/www.stpierrepinguet.org\/wp\/wp-json\/wp\/v2\/ctc_sermon"}],"about":[{"href":"https:\/\/www.stpierrepinguet.org\/wp\/wp-json\/wp\/v2\/types\/ctc_sermon"}],"author":[{"embeddable":true,"href":"https:\/\/www.stpierrepinguet.org\/wp\/wp-json\/wp\/v2\/users\/1"}],"replies":[{"embeddable":true,"href":"https:\/\/www.stpierrepinguet.org\/wp\/wp-json\/wp\/v2\/comments?post=7631"}],"version-history":[{"count":0,"href":"https:\/\/www.stpierrepinguet.org\/wp\/wp-json\/wp\/v2\/ctc_sermon\/7631\/revisions"}],"wp:featuredmedia":[{"embeddable":true,"href":"https:\/\/www.stpierrepinguet.org\/wp\/wp-json\/wp\/v2\/media\/7635"}],"wp:attachment":[{"href":"https:\/\/www.stpierrepinguet.org\/wp\/wp-json\/wp\/v2\/media?parent=7631"}],"wp:term":[{"taxonomy":"ctc_sermon_topic","embeddable":true,"href":"https:\/\/www.stpierrepinguet.org\/wp\/wp-json\/wp\/v2\/ctc_sermon_topic?post=7631"},{"taxonomy":"ctc_sermon_book","embeddable":true,"href":"https:\/\/www.stpierrepinguet.org\/wp\/wp-json\/wp\/v2\/ctc_sermon_book?post=7631"},{"taxonomy":"ctc_sermon_series","embeddable":true,"href":"https:\/\/www.stpierrepinguet.org\/wp\/wp-json\/wp\/v2\/ctc_sermon_series?post=7631"},{"taxonomy":"ctc_sermon_speaker","embeddable":true,"href":"https:\/\/www.stpierrepinguet.org\/wp\/wp-json\/wp\/v2\/ctc_sermon_speaker?post=7631"},{"taxonomy":"ctc_sermon_tag","embeddable":true,"href":"https:\/\/www.stpierrepinguet.org\/wp\/wp-json\/wp\/v2\/ctc_sermon_tag?post=7631"}],"curies":[{"name":"wp","href":"https:\/\/api.w.org\/{rel}","templated":true}]}}